{"id":681,"date":"2023-08-09T07:50:05","date_gmt":"2023-08-09T07:50:05","guid":{"rendered":"https:\/\/roger-peltzer.com\/initiative-chretienne-romero\/"},"modified":"2024-06-15T16:12:03","modified_gmt":"2024-06-15T16:12:03","slug":"initiative-chretienne-romero","status":"publish","type":"page","link":"https:\/\/roger-peltzer.com\/fr\/initiative-chretienne-romero\/","title":{"rendered":"Initiative chr\u00e9tienne Romero"},"content":{"rendered":"<figure class=\"wp-block-post-featured-image\"><img loading=\"lazy\" decoding=\"async\" width=\"1920\" height=\"1080\" src=\"https:\/\/roger-peltzer.com\/wp-content\/uploads\/2023\/08\/CIR-MRV-Fonds-ohneLogo.png\" class=\"attachment-post-thumbnail size-post-thumbnail wp-post-image\" alt=\"\" style=\"object-fit:cover;\" srcset=\"https:\/\/roger-peltzer.com\/wp-content\/uploads\/2023\/08\/CIR-MRV-Fonds-ohneLogo.png 1920w, https:\/\/roger-peltzer.com\/wp-content\/uploads\/2023\/08\/CIR-MRV-Fonds-ohneLogo-300x169.png 300w, https:\/\/roger-peltzer.com\/wp-content\/uploads\/2023\/08\/CIR-MRV-Fonds-ohneLogo-1024x576.png 1024w, https:\/\/roger-peltzer.com\/wp-content\/uploads\/2023\/08\/CIR-MRV-Fonds-ohneLogo-768x432.png 768w, https:\/\/roger-peltzer.com\/wp-content\/uploads\/2023\/08\/CIR-MRV-Fonds-ohneLogo-1536x864.png 1536w\" sizes=\"auto, (max-width: 1920px) 100vw, 1920px\" \/><\/figure>\n<p>La r\u00e9pression contre les d\u00e9fenseurs des droits de l&rsquo;homme* et leur travail s&rsquo;intensifie dans le monde entier. Ils sont pers\u00e9cut\u00e9s, stigmatis\u00e9s, injustement arr\u00eat\u00e9s, bless\u00e9s ou m\u00eame assassin\u00e9s. L&rsquo;Am\u00e9rique centrale est l&rsquo;une des r\u00e9gions les plus dangereuses pour les d\u00e9fenseurs des droits de l&rsquo;homme. Les d\u00e9fenseurs de l&rsquo;environnement*, les femmes et les populations autochtones, en particulier, sont expos\u00e9s \u00e0 un risque \u00e9lev\u00e9.<\/p>\n\n<p><strong>Ces personnes courageuses et la marge de man\u0153uvre de plus en plus r\u00e9duite de la soci\u00e9t\u00e9 civile doivent \u00eatre prot\u00e9g\u00e9es !<\/strong><\/p>\n\n<p>En plus de notre engagement de longue date envers les organisations et les personnes qui d\u00e9fendent les droits de l&rsquo;homme, nous apportons d\u00e9sormais une aide rapide et directe gr\u00e2ce \u00e0 notre <strong>fonds pour les d\u00e9fenseurs des droits de l&rsquo;homme<\/strong>! Les fonds de ce nouveau fonds soutiennent les activistes et les organisations de la soci\u00e9t\u00e9 civile dans les situations d&rsquo;urgence.<\/p>\n\n<div class=\"wp-block-buttons is-content-justification-center is-layout-flex wp-container-core-buttons-is-layout-16018d1d wp-block-buttons-is-layout-flex\">\n<div class=\"wp-block-button has-custom-width wp-block-button__width-50\"><a class=\"wp-block-button__link wp-element-button\" href=\"https:\/\/www.ci-romero.de\/spenden\/mrv-fonds\/\" target=\"_blank\" rel=\"noreferrer noopener\">Soutenir maintenant<\/a><\/div>\n<\/div>\n","protected":false},"excerpt":{"rendered":"<p>La r\u00e9pression contre les d\u00e9fenseurs des droits de l&rsquo;homme* et leur travail s&rsquo;intensifie dans le monde entier. Ils sont pers\u00e9cut\u00e9s, stigmatis\u00e9s, injustement arr\u00eat\u00e9s, bless\u00e9s ou m\u00eame assassin\u00e9s. L&rsquo;Am\u00e9rique centrale est l&rsquo;une des r\u00e9gions les plus dangereuses pour les d\u00e9fenseurs des<\/p>\n","protected":false},"author":2,"featured_media":484,"parent":0,"menu_order":0,"comment_status":"closed","ping_status":"closed","template":"","meta":{"footnotes":""},"class_list":["post-681","page","type-page","status-publish","has-post-thumbnail","hentry"],"yoast_head":"<!-- This site is optimized with the Yoast SEO plugin v27.5 - https:\/\/yoast.com\/product\/yoast-seo-wordpress\/ -->\n<title>Initiative chr\u00e9tienne Romero - Politique internationale<\/title>\n<meta name=\"description\" content=\"Blog de Roger Peltzer sur le d\u00e9veloppement et la politique \u00e9trang\u00e8re, sur les th\u00e8mes des \u00c9tats fragiles, des droits de l&#039;homme et de l&#039;Am\u00e9rique latine.\" \/>\n<meta name=\"robots\" content=\"index, follow, max-snippet:-1, max-image-preview:large, max-video-preview:-1\" \/>\n<link rel=\"canonical\" href=\"https:\/\/roger-peltzer.com\/fr\/initiative-chretienne-romero\/\" \/>\n<meta property=\"og:locale\" content=\"fr_FR\" \/>\n<meta property=\"og:type\" content=\"article\" \/>\n<meta property=\"og:title\" content=\"Initiative chr\u00e9tienne Romero - Politique internationale\" \/>\n<meta property=\"og:description\" content=\"Blog de Roger Peltzer sur le d\u00e9veloppement et la politique \u00e9trang\u00e8re, sur les th\u00e8mes des \u00c9tats fragiles, des droits de l&#039;homme et de l&#039;Am\u00e9rique latine.\" \/>\n<meta property=\"og:url\" content=\"https:\/\/roger-peltzer.com\/fr\/initiative-chretienne-romero\/\" \/>\n<meta property=\"og:site_name\" content=\"Politique internationale\" \/>\n<meta property=\"article:modified_time\" content=\"2024-06-15T16:12:03+00:00\" \/>\n<meta property=\"og:image\" content=\"https:\/\/roger-peltzer.com\/wp-content\/uploads\/2023\/08\/CIR-MRV-Fonds-ohneLogo-1024x576.png\" \/>\n\t<meta property=\"og:image:width\" content=\"1024\" \/>\n\t<meta property=\"og:image:height\" content=\"576\" \/>\n\t<meta property=\"og:image:type\" content=\"image\/png\" \/>\n<meta name=\"twitter:card\" content=\"summary_large_image\" \/>\n<meta name=\"twitter:label1\" content=\"Dur\u00e9e de lecture estim\u00e9e\" \/>\n\t<meta name=\"twitter:data1\" content=\"1 minute\" \/>\n<script type=\"application\/ld+json\" class=\"yoast-schema-graph\">{\"@context\":\"https:\\\/\\\/schema.org\",\"@graph\":[{\"@type\":\"WebPage\",\"@id\":\"https:\\\/\\\/roger-peltzer.com\\\/fr\\\/initiative-chretienne-romero\\\/\",\"url\":\"https:\\\/\\\/roger-peltzer.com\\\/fr\\\/initiative-chretienne-romero\\\/\",\"name\":\"Initiative chr\u00e9tienne Romero - Politique internationale\",\"isPartOf\":{\"@id\":\"https:\\\/\\\/roger-peltzer.com\\\/fr\\\/#website\"},\"primaryImageOfPage\":{\"@id\":\"https:\\\/\\\/roger-peltzer.com\\\/fr\\\/initiative-chretienne-romero\\\/#primaryimage\"},\"image\":{\"@id\":\"https:\\\/\\\/roger-peltzer.com\\\/fr\\\/initiative-chretienne-romero\\\/#primaryimage\"},\"thumbnailUrl\":\"https:\\\/\\\/roger-peltzer.com\\\/wp-content\\\/uploads\\\/2023\\\/08\\\/CIR-MRV-Fonds-ohneLogo.png\",\"datePublished\":\"2023-08-09T07:50:05+00:00\",\"dateModified\":\"2024-06-15T16:12:03+00:00\",\"description\":\"Blog de Roger Peltzer sur le d\u00e9veloppement et la politique \u00e9trang\u00e8re, sur les th\u00e8mes des \u00c9tats fragiles, des droits de l'homme et de l'Am\u00e9rique latine.\",\"breadcrumb\":{\"@id\":\"https:\\\/\\\/roger-peltzer.com\\\/fr\\\/initiative-chretienne-romero\\\/#breadcrumb\"},\"inLanguage\":\"fr-FR\",\"potentialAction\":[{\"@type\":\"ReadAction\",\"target\":[\"https:\\\/\\\/roger-peltzer.com\\\/fr\\\/initiative-chretienne-romero\\\/\"]}]},{\"@type\":\"ImageObject\",\"inLanguage\":\"fr-FR\",\"@id\":\"https:\\\/\\\/roger-peltzer.com\\\/fr\\\/initiative-chretienne-romero\\\/#primaryimage\",\"url\":\"https:\\\/\\\/roger-peltzer.com\\\/wp-content\\\/uploads\\\/2023\\\/08\\\/CIR-MRV-Fonds-ohneLogo.png\",\"contentUrl\":\"https:\\\/\\\/roger-peltzer.com\\\/wp-content\\\/uploads\\\/2023\\\/08\\\/CIR-MRV-Fonds-ohneLogo.png\",\"width\":1920,\"height\":1080},{\"@type\":\"BreadcrumbList\",\"@id\":\"https:\\\/\\\/roger-peltzer.com\\\/fr\\\/initiative-chretienne-romero\\\/#breadcrumb\",\"itemListElement\":[{\"@type\":\"ListItem\",\"position\":1,\"name\":\"Accueil\",\"item\":\"https:\\\/\\\/roger-peltzer.com\\\/fr\\\/\"},{\"@type\":\"ListItem\",\"position\":2,\"name\":\"Initiative chr\u00e9tienne Romero\"}]},{\"@type\":\"WebSite\",\"@id\":\"https:\\\/\\\/roger-peltzer.com\\\/fr\\\/#website\",\"url\":\"https:\\\/\\\/roger-peltzer.com\\\/fr\\\/\",\"name\":\"Politique internationale\",\"description\":\"Roger Peltzer\",\"publisher\":{\"@id\":\"https:\\\/\\\/roger-peltzer.com\\\/fr\\\/#\\\/schema\\\/person\\\/6506ec1961bde1e8ad9521e95d6a8dac\"},\"potentialAction\":[{\"@type\":\"SearchAction\",\"target\":{\"@type\":\"EntryPoint\",\"urlTemplate\":\"https:\\\/\\\/roger-peltzer.com\\\/fr\\\/?s={search_term_string}\"},\"query-input\":{\"@type\":\"PropertyValueSpecification\",\"valueRequired\":true,\"valueName\":\"search_term_string\"}}],\"inLanguage\":\"fr-FR\"},{\"@type\":[\"Person\",\"Organization\"],\"@id\":\"https:\\\/\\\/roger-peltzer.com\\\/fr\\\/#\\\/schema\\\/person\\\/6506ec1961bde1e8ad9521e95d6a8dac\",\"name\":\"Roger Peltzer\",\"image\":{\"@type\":\"ImageObject\",\"inLanguage\":\"fr-FR\",\"@id\":\"https:\\\/\\\/roger-peltzer.com\\\/wp-content\\\/uploads\\\/2023\\\/09\\\/roger-peltzer-weltjugendtag-square.jpg\",\"url\":\"https:\\\/\\\/roger-peltzer.com\\\/wp-content\\\/uploads\\\/2023\\\/09\\\/roger-peltzer-weltjugendtag-square.jpg\",\"contentUrl\":\"https:\\\/\\\/roger-peltzer.com\\\/wp-content\\\/uploads\\\/2023\\\/09\\\/roger-peltzer-weltjugendtag-square.jpg\",\"caption\":\"Roger Peltzer\"},\"logo\":{\"@id\":\"https:\\\/\\\/roger-peltzer.com\\\/wp-content\\\/uploads\\\/2023\\\/09\\\/roger-peltzer-weltjugendtag-square.jpg\"},\"description\":\"[wpml-string context=\\\"pb-bioinfo\\\" name=\\\"info-1\\\"]70 Jahre alt, verheiratet, 3 Kinder und 4 Enkelkinder. Ich habe an der Universit\u00e4t M\u00fcnster Volkswirtschaft studiert und anschlie\u00dfend den postgraduierten Kurs am deutschen Institut f\u00fcr Entwicklungspolitik (heute IDOS) absolviert.[\\\/wpml-string]\",\"sameAs\":[\"https:\\\/\\\/roger-peltzer.com\\\/ueber-mich\\\/\"]}]}<\/script>\n<!-- \/ Yoast SEO plugin. -->","yoast_head_json":{"title":"Initiative chr\u00e9tienne Romero - Politique internationale","description":"Blog de Roger Peltzer sur le d\u00e9veloppement et la politique \u00e9trang\u00e8re, sur les th\u00e8mes des \u00c9tats fragiles, des droits de l'homme et de l'Am\u00e9rique latine.","robots":{"index":"index","follow":"follow","max-snippet":"max-snippet:-1","max-image-preview":"max-image-preview:large","max-video-preview":"max-video-preview:-1"},"canonical":"https:\/\/roger-peltzer.com\/fr\/initiative-chretienne-romero\/","og_locale":"fr_FR","og_type":"article","og_title":"Initiative chr\u00e9tienne Romero - Politique internationale","og_description":"Blog de Roger Peltzer sur le d\u00e9veloppement et la politique \u00e9trang\u00e8re, sur les th\u00e8mes des \u00c9tats fragiles, des droits de l'homme et de l'Am\u00e9rique latine.","og_url":"https:\/\/roger-peltzer.com\/fr\/initiative-chretienne-romero\/","og_site_name":"Politique internationale","article_modified_time":"2024-06-15T16:12:03+00:00","og_image":[{"width":1024,"height":576,"url":"https:\/\/roger-peltzer.com\/wp-content\/uploads\/2023\/08\/CIR-MRV-Fonds-ohneLogo-1024x576.png","type":"image\/png"}],"twitter_card":"summary_large_image","twitter_misc":{"Dur\u00e9e de lecture estim\u00e9e":"1 minute"},"schema":{"@context":"https:\/\/schema.org","@graph":[{"@type":"WebPage","@id":"https:\/\/roger-peltzer.com\/fr\/initiative-chretienne-romero\/","url":"https:\/\/roger-peltzer.com\/fr\/initiative-chretienne-romero\/","name":"Initiative chr\u00e9tienne Romero - Politique internationale","isPartOf":{"@id":"https:\/\/roger-peltzer.com\/fr\/#website"},"primaryImageOfPage":{"@id":"https:\/\/roger-peltzer.com\/fr\/initiative-chretienne-romero\/#primaryimage"},"image":{"@id":"https:\/\/roger-peltzer.com\/fr\/initiative-chretienne-romero\/#primaryimage"},"thumbnailUrl":"https:\/\/roger-peltzer.com\/wp-content\/uploads\/2023\/08\/CIR-MRV-Fonds-ohneLogo.png","datePublished":"2023-08-09T07:50:05+00:00","dateModified":"2024-06-15T16:12:03+00:00","description":"Blog de Roger Peltzer sur le d\u00e9veloppement et la politique \u00e9trang\u00e8re, sur les th\u00e8mes des \u00c9tats fragiles, des droits de l'homme et de l'Am\u00e9rique latine.","breadcrumb":{"@id":"https:\/\/roger-peltzer.com\/fr\/initiative-chretienne-romero\/#breadcrumb"},"inLanguage":"fr-FR","potentialAction":[{"@type":"ReadAction","target":["https:\/\/roger-peltzer.com\/fr\/initiative-chretienne-romero\/"]}]},{"@type":"ImageObject","inLanguage":"fr-FR","@id":"https:\/\/roger-peltzer.com\/fr\/initiative-chretienne-romero\/#primaryimage","url":"https:\/\/roger-peltzer.com\/wp-content\/uploads\/2023\/08\/CIR-MRV-Fonds-ohneLogo.png","contentUrl":"https:\/\/roger-peltzer.com\/wp-content\/uploads\/2023\/08\/CIR-MRV-Fonds-ohneLogo.png","width":1920,"height":1080},{"@type":"BreadcrumbList","@id":"https:\/\/roger-peltzer.com\/fr\/initiative-chretienne-romero\/#breadcrumb","itemListElement":[{"@type":"ListItem","position":1,"name":"Accueil","item":"https:\/\/roger-peltzer.com\/fr\/"},{"@type":"ListItem","position":2,"name":"Initiative chr\u00e9tienne Romero"}]},{"@type":"WebSite","@id":"https:\/\/roger-peltzer.com\/fr\/#website","url":"https:\/\/roger-peltzer.com\/fr\/","name":"Politique internationale","description":"Roger Peltzer","publisher":{"@id":"https:\/\/roger-peltzer.com\/fr\/#\/schema\/person\/6506ec1961bde1e8ad9521e95d6a8dac"},"potentialAction":[{"@type":"SearchAction","target":{"@type":"EntryPoint","urlTemplate":"https:\/\/roger-peltzer.com\/fr\/?s={search_term_string}"},"query-input":{"@type":"PropertyValueSpecification","valueRequired":true,"valueName":"search_term_string"}}],"inLanguage":"fr-FR"},{"@type":["Person","Organization"],"@id":"https:\/\/roger-peltzer.com\/fr\/#\/schema\/person\/6506ec1961bde1e8ad9521e95d6a8dac","name":"Roger Peltzer","image":{"@type":"ImageObject","inLanguage":"fr-FR","@id":"https:\/\/roger-peltzer.com\/wp-content\/uploads\/2023\/09\/roger-peltzer-weltjugendtag-square.jpg","url":"https:\/\/roger-peltzer.com\/wp-content\/uploads\/2023\/09\/roger-peltzer-weltjugendtag-square.jpg","contentUrl":"https:\/\/roger-peltzer.com\/wp-content\/uploads\/2023\/09\/roger-peltzer-weltjugendtag-square.jpg","caption":"Roger Peltzer"},"logo":{"@id":"https:\/\/roger-peltzer.com\/wp-content\/uploads\/2023\/09\/roger-peltzer-weltjugendtag-square.jpg"},"description":"[wpml-string context=\"pb-bioinfo\" name=\"info-1\"]70 Jahre alt, verheiratet, 3 Kinder und 4 Enkelkinder. Ich habe an der Universit\u00e4t M\u00fcnster Volkswirtschaft studiert und anschlie\u00dfend den postgraduierten Kurs am deutschen Institut f\u00fcr Entwicklungspolitik (heute IDOS) absolviert.[\/wpml-string]","sameAs":["https:\/\/roger-peltzer.com\/ueber-mich\/"]}]}},"_links":{"self":[{"href":"https:\/\/roger-peltzer.com\/fr\/wp-json\/wp\/v2\/pages\/681","targetHints":{"allow":["GET"]}}],"collection":[{"href":"https:\/\/roger-peltzer.com\/fr\/wp-json\/wp\/v2\/pages"}],"about":[{"href":"https:\/\/roger-peltzer.com\/fr\/wp-json\/wp\/v2\/types\/page"}],"author":[{"embeddable":true,"href":"https:\/\/roger-peltzer.com\/fr\/wp-json\/wp\/v2\/users\/2"}],"replies":[{"embeddable":true,"href":"https:\/\/roger-peltzer.com\/fr\/wp-json\/wp\/v2\/comments?post=681"}],"version-history":[{"count":2,"href":"https:\/\/roger-peltzer.com\/fr\/wp-json\/wp\/v2\/pages\/681\/revisions"}],"predecessor-version":[{"id":684,"href":"https:\/\/roger-peltzer.com\/fr\/wp-json\/wp\/v2\/pages\/681\/revisions\/684"}],"wp:featuredmedia":[{"embeddable":true,"href":"https:\/\/roger-peltzer.com\/fr\/wp-json\/wp\/v2\/media\/484"}],"wp:attachment":[{"href":"https:\/\/roger-peltzer.com\/fr\/wp-json\/wp\/v2\/media?parent=681"}],"curies":[{"name":"wp","href":"https:\/\/api.w.org\/{rel}","templated":true}]}}