{"id":669,"date":"2023-07-24T13:32:44","date_gmt":"2023-07-24T13:32:44","guid":{"rendered":"https:\/\/roger-peltzer.com\/a-propos-de-moi\/"},"modified":"2024-10-21T10:45:49","modified_gmt":"2024-10-21T10:45:49","slug":"a-propos-de-moi","status":"publish","type":"page","link":"https:\/\/roger-peltzer.com\/fr\/a-propos-de-moi\/","title":{"rendered":"Sur moi"},"content":{"rendered":"\n<p>70 ans, mari\u00e9, 3 enfants et 4 petits-enfants. J&rsquo;ai \u00e9tudi\u00e9 l&rsquo;\u00e9conomie \u00e0 l&rsquo;universit\u00e9 de M\u00fcnster, puis j&rsquo;ai suivi le cours de troisi\u00e8me cycle de l&rsquo;Institut allemand de politique de d\u00e9veloppement (aujourd&rsquo;hui IDOS). Apr\u00e8s avoir travaill\u00e9 dans le d\u00e9partement d&rsquo;\u00e9tat-major d&rsquo;une entreprise qui vendait des installations industrielles cl\u00e9s en main, notamment pour les pays en d\u00e9veloppement, j&rsquo;ai rejoint la DEG-Deutsche Investitions- und Entwicklungsgesellschaft \u00e0 Cologne en 1988. J&rsquo;y ai d&rsquo;abord \u00e9t\u00e9 chef de projet, puis chef de d\u00e9partement, o\u00f9 j&rsquo;ai principalement mis en place et g\u00e9r\u00e9 des projets et des investissements en Afrique, notamment l&rsquo;initiative Cotton made in Africa (CmiA).<\/p>\n\n<p>En plus de mon travail, j&rsquo;ai toujours fait du b\u00e9n\u00e9volat. Ainsi, je suis encore aujourd&rsquo;hui membre de l&rsquo;Initiative chr\u00e9tienne Romero, que j&rsquo;ai contribu\u00e9 \u00e0 fonder il y a 40 ans. J&rsquo;ai \u00e9t\u00e9 pr\u00e9sident du groupe parlementaire B\u00fcndnis 90\/Die Gr\u00fcnen \u00e0 Kerpen pendant 3 ans et candidat \u00e0 la mairie. Pendant 6 ans, sous le gouvernement rouge-vert, j&rsquo;ai dirig\u00e9 avec des coll\u00e8gues le groupe de travail f\u00e9d\u00e9ral Nord-Sud des Verts.<\/p>\n\n<p>Aujourd&rsquo;hui, je suis \u00e0 nouveau membre du conseil d&rsquo;administration de la fondation Afghanistan Kredit Garantie Fonds. Et actuellement, je travaille avec diff\u00e9rentes organisations non gouvernementales pour d\u00e9velopper les normes de coton durable Better Cotton initiative (BCI), Cotton Made in Africa (CmiA), GOTS (bio) et Fairtrade Cotton de mani\u00e8re \u00e0 ce qu&rsquo;elles puissent g\u00e9n\u00e9rer \u00e0 long terme un revenu de subsistance (living income) pour \u00ab\u00a0leurs\u00a0\u00bb petits agriculteurs et exclure l&rsquo;utilisation de pesticides synth\u00e9tiques.<\/p>\n\n<p>Je suis membre des Vieillards Verts, du VCD, du BUND, de l&rsquo;Association pour la promotion des mus\u00e9es en \u00c9thiopie, et je co\u00e9dite un journal de quartier depuis plus de 30 ans.<\/p>\n\n<p><\/p>\n\n<figure class=\"wp-block-image size-large\"><img loading=\"lazy\" decoding=\"async\" width=\"1024\" height=\"768\" src=\"https:\/\/roger-peltzer.com\/wp-content\/uploads\/2023\/07\/roger-peltzer-sambia-1024x768.jpg\" alt=\"\" class=\"wp-image-46\" srcset=\"https:\/\/roger-peltzer.com\/wp-content\/uploads\/2023\/07\/roger-peltzer-sambia-1024x768.jpg 1024w, https:\/\/roger-peltzer.com\/wp-content\/uploads\/2023\/07\/roger-peltzer-sambia-300x225.jpg 300w, https:\/\/roger-peltzer.com\/wp-content\/uploads\/2023\/07\/roger-peltzer-sambia-768x576.jpg 768w, https:\/\/roger-peltzer.com\/wp-content\/uploads\/2023\/07\/roger-peltzer-sambia-1536x1152.jpg 1536w, https:\/\/roger-peltzer.com\/wp-content\/uploads\/2023\/07\/roger-peltzer-sambia-2048x1536.jpg 2048w\" sizes=\"auto, (max-width: 1024px) 100vw, 1024px\" \/><\/figure>\n","protected":false},"excerpt":{"rendered":"<p>70 ans, mari\u00e9, 3 enfants et 4 petits-enfants. J&rsquo;ai \u00e9tudi\u00e9 l&rsquo;\u00e9conomie \u00e0 l&rsquo;universit\u00e9 de M\u00fcnster, puis j&rsquo;ai suivi le cours de troisi\u00e8me cycle de l&rsquo;Institut allemand de politique de d\u00e9veloppement (aujourd&rsquo;hui IDOS). Apr\u00e8s avoir travaill\u00e9 dans le d\u00e9partement d&rsquo;\u00e9tat-major d&rsquo;une<\/p>\n","protected":false},"author":1,"featured_media":0,"parent":0,"menu_order":0,"comment_status":"closed","ping_status":"open","template":"","meta":{"footnotes":""},"class_list":["post-669","page","type-page","status-publish","hentry"],"yoast_head":"<!-- This site is optimized with the Yoast SEO plugin v27.5 - https:\/\/yoast.com\/product\/yoast-seo-wordpress\/ -->\n<title>Sur moi - Politique internationale<\/title>\n<meta name=\"description\" content=\"Blog de Roger Peltzer sur le d\u00e9veloppement et la politique \u00e9trang\u00e8re, sur les th\u00e8mes des \u00c9tats fragiles, des droits de l&#039;homme et de l&#039;Am\u00e9rique latine.\" \/>\n<meta name=\"robots\" content=\"index, follow, max-snippet:-1, max-image-preview:large, max-video-preview:-1\" \/>\n<link rel=\"canonical\" href=\"https:\/\/roger-peltzer.com\/fr\/a-propos-de-moi\/\" \/>\n<meta property=\"og:locale\" content=\"fr_FR\" \/>\n<meta property=\"og:type\" content=\"article\" \/>\n<meta property=\"og:title\" content=\"Sur moi - Politique internationale\" \/>\n<meta property=\"og:description\" content=\"Blog de Roger Peltzer sur le d\u00e9veloppement et la politique \u00e9trang\u00e8re, sur les th\u00e8mes des \u00c9tats fragiles, des droits de l&#039;homme et de l&#039;Am\u00e9rique latine.\" \/>\n<meta property=\"og:url\" content=\"https:\/\/roger-peltzer.com\/fr\/a-propos-de-moi\/\" \/>\n<meta property=\"og:site_name\" content=\"Politique internationale\" \/>\n<meta property=\"article:modified_time\" content=\"2024-10-21T10:45:49+00:00\" \/>\n<meta property=\"og:image\" content=\"https:\/\/roger-peltzer.com\/wp-content\/uploads\/2023\/07\/roger-peltzer-sambia-scaled.jpg\" \/>\n\t<meta property=\"og:image:width\" content=\"2560\" \/>\n\t<meta property=\"og:image:height\" content=\"1920\" \/>\n\t<meta property=\"og:image:type\" content=\"image\/jpeg\" \/>\n<meta name=\"twitter:card\" content=\"summary_large_image\" \/>\n<meta name=\"twitter:label1\" content=\"Dur\u00e9e de lecture estim\u00e9e\" \/>\n\t<meta name=\"twitter:data1\" content=\"1 minute\" \/>\n<script type=\"application\/ld+json\" class=\"yoast-schema-graph\">{\"@context\":\"https:\\\/\\\/schema.org\",\"@graph\":[{\"@type\":\"WebPage\",\"@id\":\"https:\\\/\\\/roger-peltzer.com\\\/fr\\\/a-propos-de-moi\\\/\",\"url\":\"https:\\\/\\\/roger-peltzer.com\\\/fr\\\/a-propos-de-moi\\\/\",\"name\":\"Sur moi - Politique internationale\",\"isPartOf\":{\"@id\":\"https:\\\/\\\/roger-peltzer.com\\\/fr\\\/#website\"},\"primaryImageOfPage\":{\"@id\":\"https:\\\/\\\/roger-peltzer.com\\\/fr\\\/a-propos-de-moi\\\/#primaryimage\"},\"image\":{\"@id\":\"https:\\\/\\\/roger-peltzer.com\\\/fr\\\/a-propos-de-moi\\\/#primaryimage\"},\"thumbnailUrl\":\"https:\\\/\\\/roger-peltzer.com\\\/wp-content\\\/uploads\\\/2023\\\/07\\\/roger-peltzer-sambia-1024x768.jpg\",\"datePublished\":\"2023-07-24T13:32:44+00:00\",\"dateModified\":\"2024-10-21T10:45:49+00:00\",\"description\":\"Blog de Roger Peltzer sur le d\u00e9veloppement et la politique \u00e9trang\u00e8re, sur les th\u00e8mes des \u00c9tats fragiles, des droits de l'homme et de l'Am\u00e9rique latine.\",\"breadcrumb\":{\"@id\":\"https:\\\/\\\/roger-peltzer.com\\\/fr\\\/a-propos-de-moi\\\/#breadcrumb\"},\"inLanguage\":\"fr-FR\",\"potentialAction\":[{\"@type\":\"ReadAction\",\"target\":[\"https:\\\/\\\/roger-peltzer.com\\\/fr\\\/a-propos-de-moi\\\/\"]}]},{\"@type\":\"ImageObject\",\"inLanguage\":\"fr-FR\",\"@id\":\"https:\\\/\\\/roger-peltzer.com\\\/fr\\\/a-propos-de-moi\\\/#primaryimage\",\"url\":\"https:\\\/\\\/roger-peltzer.com\\\/wp-content\\\/uploads\\\/2023\\\/07\\\/roger-peltzer-sambia-1024x768.jpg\",\"contentUrl\":\"https:\\\/\\\/roger-peltzer.com\\\/wp-content\\\/uploads\\\/2023\\\/07\\\/roger-peltzer-sambia-1024x768.jpg\"},{\"@type\":\"BreadcrumbList\",\"@id\":\"https:\\\/\\\/roger-peltzer.com\\\/fr\\\/a-propos-de-moi\\\/#breadcrumb\",\"itemListElement\":[{\"@type\":\"ListItem\",\"position\":1,\"name\":\"Accueil\",\"item\":\"https:\\\/\\\/roger-peltzer.com\\\/fr\\\/\"},{\"@type\":\"ListItem\",\"position\":2,\"name\":\"Sur moi\"}]},{\"@type\":\"WebSite\",\"@id\":\"https:\\\/\\\/roger-peltzer.com\\\/fr\\\/#website\",\"url\":\"https:\\\/\\\/roger-peltzer.com\\\/fr\\\/\",\"name\":\"Politique internationale\",\"description\":\"Roger Peltzer\",\"publisher\":{\"@id\":\"https:\\\/\\\/roger-peltzer.com\\\/fr\\\/#\\\/schema\\\/person\\\/6506ec1961bde1e8ad9521e95d6a8dac\"},\"potentialAction\":[{\"@type\":\"SearchAction\",\"target\":{\"@type\":\"EntryPoint\",\"urlTemplate\":\"https:\\\/\\\/roger-peltzer.com\\\/fr\\\/?s={search_term_string}\"},\"query-input\":{\"@type\":\"PropertyValueSpecification\",\"valueRequired\":true,\"valueName\":\"search_term_string\"}}],\"inLanguage\":\"fr-FR\"},{\"@type\":[\"Person\",\"Organization\"],\"@id\":\"https:\\\/\\\/roger-peltzer.com\\\/fr\\\/#\\\/schema\\\/person\\\/6506ec1961bde1e8ad9521e95d6a8dac\",\"name\":\"Roger Peltzer\",\"image\":{\"@type\":\"ImageObject\",\"inLanguage\":\"fr-FR\",\"@id\":\"https:\\\/\\\/roger-peltzer.com\\\/wp-content\\\/uploads\\\/2023\\\/09\\\/roger-peltzer-weltjugendtag-square.jpg\",\"url\":\"https:\\\/\\\/roger-peltzer.com\\\/wp-content\\\/uploads\\\/2023\\\/09\\\/roger-peltzer-weltjugendtag-square.jpg\",\"contentUrl\":\"https:\\\/\\\/roger-peltzer.com\\\/wp-content\\\/uploads\\\/2023\\\/09\\\/roger-peltzer-weltjugendtag-square.jpg\",\"caption\":\"Roger Peltzer\"},\"logo\":{\"@id\":\"https:\\\/\\\/roger-peltzer.com\\\/wp-content\\\/uploads\\\/2023\\\/09\\\/roger-peltzer-weltjugendtag-square.jpg\"},\"description\":\"[wpml-string context=\\\"pb-bioinfo\\\" name=\\\"info-1\\\"]70 Jahre alt, verheiratet, 3 Kinder und 4 Enkelkinder. Ich habe an der Universit\u00e4t M\u00fcnster Volkswirtschaft studiert und anschlie\u00dfend den postgraduierten Kurs am deutschen Institut f\u00fcr Entwicklungspolitik (heute IDOS) absolviert.[\\\/wpml-string]\",\"sameAs\":[\"https:\\\/\\\/roger-peltzer.com\\\/ueber-mich\\\/\"]}]}<\/script>\n<!-- \/ Yoast SEO plugin. -->","yoast_head_json":{"title":"Sur moi - Politique internationale","description":"Blog de Roger Peltzer sur le d\u00e9veloppement et la politique \u00e9trang\u00e8re, sur les th\u00e8mes des \u00c9tats fragiles, des droits de l'homme et de l'Am\u00e9rique latine.","robots":{"index":"index","follow":"follow","max-snippet":"max-snippet:-1","max-image-preview":"max-image-preview:large","max-video-preview":"max-video-preview:-1"},"canonical":"https:\/\/roger-peltzer.com\/fr\/a-propos-de-moi\/","og_locale":"fr_FR","og_type":"article","og_title":"Sur moi - Politique internationale","og_description":"Blog de Roger Peltzer sur le d\u00e9veloppement et la politique \u00e9trang\u00e8re, sur les th\u00e8mes des \u00c9tats fragiles, des droits de l'homme et de l'Am\u00e9rique latine.","og_url":"https:\/\/roger-peltzer.com\/fr\/a-propos-de-moi\/","og_site_name":"Politique internationale","article_modified_time":"2024-10-21T10:45:49+00:00","og_image":[{"width":2560,"height":1920,"url":"https:\/\/roger-peltzer.com\/wp-content\/uploads\/2023\/07\/roger-peltzer-sambia-scaled.jpg","type":"image\/jpeg"}],"twitter_card":"summary_large_image","twitter_misc":{"Dur\u00e9e de lecture estim\u00e9e":"1 minute"},"schema":{"@context":"https:\/\/schema.org","@graph":[{"@type":"WebPage","@id":"https:\/\/roger-peltzer.com\/fr\/a-propos-de-moi\/","url":"https:\/\/roger-peltzer.com\/fr\/a-propos-de-moi\/","name":"Sur moi - Politique internationale","isPartOf":{"@id":"https:\/\/roger-peltzer.com\/fr\/#website"},"primaryImageOfPage":{"@id":"https:\/\/roger-peltzer.com\/fr\/a-propos-de-moi\/#primaryimage"},"image":{"@id":"https:\/\/roger-peltzer.com\/fr\/a-propos-de-moi\/#primaryimage"},"thumbnailUrl":"https:\/\/roger-peltzer.com\/wp-content\/uploads\/2023\/07\/roger-peltzer-sambia-1024x768.jpg","datePublished":"2023-07-24T13:32:44+00:00","dateModified":"2024-10-21T10:45:49+00:00","description":"Blog de Roger Peltzer sur le d\u00e9veloppement et la politique \u00e9trang\u00e8re, sur les th\u00e8mes des \u00c9tats fragiles, des droits de l'homme et de l'Am\u00e9rique latine.","breadcrumb":{"@id":"https:\/\/roger-peltzer.com\/fr\/a-propos-de-moi\/#breadcrumb"},"inLanguage":"fr-FR","potentialAction":[{"@type":"ReadAction","target":["https:\/\/roger-peltzer.com\/fr\/a-propos-de-moi\/"]}]},{"@type":"ImageObject","inLanguage":"fr-FR","@id":"https:\/\/roger-peltzer.com\/fr\/a-propos-de-moi\/#primaryimage","url":"https:\/\/roger-peltzer.com\/wp-content\/uploads\/2023\/07\/roger-peltzer-sambia-1024x768.jpg","contentUrl":"https:\/\/roger-peltzer.com\/wp-content\/uploads\/2023\/07\/roger-peltzer-sambia-1024x768.jpg"},{"@type":"BreadcrumbList","@id":"https:\/\/roger-peltzer.com\/fr\/a-propos-de-moi\/#breadcrumb","itemListElement":[{"@type":"ListItem","position":1,"name":"Accueil","item":"https:\/\/roger-peltzer.com\/fr\/"},{"@type":"ListItem","position":2,"name":"Sur moi"}]},{"@type":"WebSite","@id":"https:\/\/roger-peltzer.com\/fr\/#website","url":"https:\/\/roger-peltzer.com\/fr\/","name":"Politique internationale","description":"Roger Peltzer","publisher":{"@id":"https:\/\/roger-peltzer.com\/fr\/#\/schema\/person\/6506ec1961bde1e8ad9521e95d6a8dac"},"potentialAction":[{"@type":"SearchAction","target":{"@type":"EntryPoint","urlTemplate":"https:\/\/roger-peltzer.com\/fr\/?s={search_term_string}"},"query-input":{"@type":"PropertyValueSpecification","valueRequired":true,"valueName":"search_term_string"}}],"inLanguage":"fr-FR"},{"@type":["Person","Organization"],"@id":"https:\/\/roger-peltzer.com\/fr\/#\/schema\/person\/6506ec1961bde1e8ad9521e95d6a8dac","name":"Roger Peltzer","image":{"@type":"ImageObject","inLanguage":"fr-FR","@id":"https:\/\/roger-peltzer.com\/wp-content\/uploads\/2023\/09\/roger-peltzer-weltjugendtag-square.jpg","url":"https:\/\/roger-peltzer.com\/wp-content\/uploads\/2023\/09\/roger-peltzer-weltjugendtag-square.jpg","contentUrl":"https:\/\/roger-peltzer.com\/wp-content\/uploads\/2023\/09\/roger-peltzer-weltjugendtag-square.jpg","caption":"Roger Peltzer"},"logo":{"@id":"https:\/\/roger-peltzer.com\/wp-content\/uploads\/2023\/09\/roger-peltzer-weltjugendtag-square.jpg"},"description":"[wpml-string context=\"pb-bioinfo\" name=\"info-1\"]70 Jahre alt, verheiratet, 3 Kinder und 4 Enkelkinder. Ich habe an der Universit\u00e4t M\u00fcnster Volkswirtschaft studiert und anschlie\u00dfend den postgraduierten Kurs am deutschen Institut f\u00fcr Entwicklungspolitik (heute IDOS) absolviert.[\/wpml-string]","sameAs":["https:\/\/roger-peltzer.com\/ueber-mich\/"]}]}},"_links":{"self":[{"href":"https:\/\/roger-peltzer.com\/fr\/wp-json\/wp\/v2\/pages\/669","targetHints":{"allow":["GET"]}}],"collection":[{"href":"https:\/\/roger-peltzer.com\/fr\/wp-json\/wp\/v2\/pages"}],"about":[{"href":"https:\/\/roger-peltzer.com\/fr\/wp-json\/wp\/v2\/types\/page"}],"author":[{"embeddable":true,"href":"https:\/\/roger-peltzer.com\/fr\/wp-json\/wp\/v2\/users\/1"}],"replies":[{"embeddable":true,"href":"https:\/\/roger-peltzer.com\/fr\/wp-json\/wp\/v2\/comments?post=669"}],"version-history":[{"count":5,"href":"https:\/\/roger-peltzer.com\/fr\/wp-json\/wp\/v2\/pages\/669\/revisions"}],"predecessor-version":[{"id":4255,"href":"https:\/\/roger-peltzer.com\/fr\/wp-json\/wp\/v2\/pages\/669\/revisions\/4255"}],"wp:attachment":[{"href":"https:\/\/roger-peltzer.com\/fr\/wp-json\/wp\/v2\/media?parent=669"}],"curies":[{"name":"wp","href":"https:\/\/api.w.org\/{rel}","templated":true}]}}